{"id":15555,"date":"2026-03-09T19:17:59","date_gmt":"2026-03-09T19:17:59","guid":{"rendered":"https:\/\/luxpro.pt\/?post_type=product&#038;p=15555"},"modified":"2026-03-09T19:18:01","modified_gmt":"2026-03-09T19:18:01","slug":"kit-de-audio-nexa-2-apartamentos-n4220z-t-510r","status":"publish","type":"product","link":"https:\/\/luxpro.pt\/en\/produto\/kit-de-audio-nexa-2-apartamentos-n4220z-t-510r","title":{"rendered":"Kit de \u00e1udio Nexa 2 apartamentos N4220Z\/T-510R"},"content":{"rendered":"<ul>\n<li><span dir=\"auto\">Instala\u00e7\u00e3o anal\u00f3gica 4+n<\/span><\/li>\n<li><span dir=\"auto\">Composto por:<\/span>\n<ul>\n<li><span dir=\"auto\">Painel de \u00e1udio com 2 bot\u00f5es de press\u00e3o <\/span><\/li>\n<li><span dir=\"auto\">\u00a0caixa de incorpora\u00e7\u00e3o NCEV-90CS<\/span><\/li>\n<li><span dir=\"auto\">2 telefones T510R<\/span><span dir=\"auto\">\u00a0 com chamada eletr\u00f4nica<\/span><\/li>\n<li><span dir=\"auto\">\u00a0Transformador TF-104<\/span><\/li>\n<\/ul>\n<p>&nbsp;<\/li>\n<li><span dir=\"auto\">At\u00e9 3 telefones no mesmo apartamento.<\/span><\/li>\n<\/ul>\n<p><span dir=\"auto\">Mecanismo de libera\u00e7\u00e3o da trava n\u00e3o inclu\u00eddo. Recomendado:<\/span><br \/>\n<a href=\"https:\/\/www.golmar.es\/productos\/cv-14p-uni-sf\"><span dir=\"auto\">CV-14P\/UNI\/SF<\/span><\/a><span dir=\"auto\">\u00a0\u00a0(20600155)<\/span><br \/>\n<a href=\"https:\/\/www.golmar.es\/productos\/cv-24p-uni-sf\"><span dir=\"auto\">CV-24P\/UNI\/SF<\/span><\/a><span dir=\"auto\">\u00a0\u00a0(20600253)<\/span><br \/>\n<a href=\"https:\/\/www.golmar.es\/productos\/cv-16p-uni-sf\"><span dir=\"auto\">CV-16P\/UNI\/SF<\/span><\/a><span dir=\"auto\">\u00a0\u00a0(20600160)<\/span><br \/>\n<a href=\"https:\/\/www.golmar.es\/productos\/cv-26p-uni-sf\"><span dir=\"auto\">CV-26P\/UNI\/SF<\/span><\/a><span dir=\"auto\">\u00a0\u00a0(20600158)<\/span><\/p>\n","protected":false},"excerpt":{"rendered":"<p>Instala\u00e7\u00e3o anal\u00f3gica 4+n Composto por: Painel de \u00e1udio com 2 bot\u00f5es de press\u00e3o \u00a0caixa de incorpora\u00e7\u00e3o NCEV-90CS 2 telefones T510R\u00a0 com chamada eletr\u00f4nica \u00a0Transformador TF-104 &nbsp; At\u00e9 3 telefones no mesmo apartamento. Mecanismo de libera\u00e7\u00e3o da trava n\u00e3o inclu\u00eddo. Recomendado: CV-14P\/UNI\/SF\u00a0\u00a0(20600155) CV-24P\/UNI\/SF\u00a0\u00a0(20600253) CV-16P\/UNI\/SF\u00a0\u00a0(20600160) CV-26P\/UNI\/SF\u00a0\u00a0(20600158)<\/p>\n","protected":false},"featured_media":15556,"comment_status":"closed","ping_status":"closed","template":"","meta":[],"product_brand":[],"product_cat":[1157],"product_tag":[],"class_list":{"0":"post-15555","1":"product","2":"type-product","3":"status-publish","4":"has-post-thumbnail","6":"product_cat-kits-audio","8":"first","9":"instock","10":"taxable","11":"shipping-taxable","12":"purchasable","13":"product-type-simple"},"yoast_head":"<!-- This site is optimized with the Yoast SEO plugin v26.5 - https:\/\/yoast.com\/wordpress\/plugins\/seo\/ -->\n<title>Kit de \u00e1udio Nexa 2 apartamentos N4220Z\/T-510R - LuxPro<\/title>\n<meta name=\"description\" content=\"Instala\u00e7\u00e3o anal\u00f3gica 4+n Composto por: Painel de \u00e1udio com 2 bot\u00f5es de press\u00e3o \u00a0caixa de incorpora\u00e7\u00e3o NCEV-90CS 2 telefones T510R\u00a0 com chamada eletr\u00f4nica\" \/>\n<meta name=\"robots\" content=\"index, follow, max-snippet:-1, max-image-preview:large, max-video-preview:-1\" \/>\n<link rel=\"canonical\" href=\"https:\/\/luxpro.pt\/en\/produto\/kit-de-audio-nexa-2-apartamentos-n4220z-t-510r\" \/>\n<meta property=\"og:locale\" content=\"en_US\" \/>\n<meta property=\"og:type\" content=\"article\" \/>\n<meta property=\"og:title\" content=\"Kit de \u00e1udio Nexa 2 apartamentos N4220Z\/T-510R - LuxPro\" \/>\n<meta property=\"og:description\" content=\"Instala\u00e7\u00e3o anal\u00f3gica 4+n Composto por: Painel de \u00e1udio com 2 bot\u00f5es de press\u00e3o \u00a0caixa de incorpora\u00e7\u00e3o NCEV-90CS 2 telefones T510R\u00a0 com chamada eletr\u00f4nica\" \/>\n<meta property=\"og:url\" content=\"https:\/\/luxpro.pt\/en\/produto\/kit-de-audio-nexa-2-apartamentos-n4220z-t-510r\" \/>\n<meta property=\"og:site_name\" content=\"LuxPro\" \/>\n<meta property=\"article:modified_time\" content=\"2026-03-09T19:18:01+00:00\" \/>\n<meta property=\"og:image\" content=\"https:\/\/luxpro.pt\/wp-content\/uploads\/2026\/03\/11854220_N4220_T-500.png\" \/>\n\t<meta property=\"og:image:width\" content=\"1500\" \/>\n\t<meta property=\"og:image:height\" content=\"1500\" \/>\n\t<meta property=\"og:image:type\" content=\"image\/png\" \/>\n<meta name=\"twitter:card\" content=\"summary_large_image\" \/>\n<meta name=\"twitter:label1\" content=\"Est. reading time\" \/>\n\t<meta name=\"twitter:data1\" content=\"1 minute\" \/>\n<script type=\"application\/ld+json\" class=\"yoast-schema-graph\">{\"@context\":\"https:\/\/schema.org\",\"@graph\":[{\"@type\":\"WebPage\",\"@id\":\"https:\/\/luxpro.pt\/en\/produto\/kit-de-audio-nexa-2-apartamentos-n4220z-t-510r\",\"url\":\"https:\/\/luxpro.pt\/en\/produto\/kit-de-audio-nexa-2-apartamentos-n4220z-t-510r\",\"name\":\"Kit de \u00e1udio Nexa 2 apartamentos N4220Z\/T-510R - LuxPro\",\"isPartOf\":{\"@id\":\"https:\/\/luxpro.pt\/en#website\"},\"primaryImageOfPage\":{\"@id\":\"https:\/\/luxpro.pt\/en\/produto\/kit-de-audio-nexa-2-apartamentos-n4220z-t-510r#primaryimage\"},\"image\":{\"@id\":\"https:\/\/luxpro.pt\/en\/produto\/kit-de-audio-nexa-2-apartamentos-n4220z-t-510r#primaryimage\"},\"thumbnailUrl\":\"https:\/\/luxpro.pt\/wp-content\/uploads\/2026\/03\/11854220_N4220_T-500.png\",\"datePublished\":\"2026-03-09T19:17:59+00:00\",\"dateModified\":\"2026-03-09T19:18:01+00:00\",\"description\":\"Instala\u00e7\u00e3o anal\u00f3gica 4+n Composto por: Painel de \u00e1udio com 2 bot\u00f5es de press\u00e3o \u00a0caixa de incorpora\u00e7\u00e3o NCEV-90CS 2 telefones T510R\u00a0 com chamada eletr\u00f4nica\",\"breadcrumb\":{\"@id\":\"https:\/\/luxpro.pt\/en\/produto\/kit-de-audio-nexa-2-apartamentos-n4220z-t-510r#breadcrumb\"},\"inLanguage\":\"en-US\",\"potentialAction\":[{\"@type\":\"ReadAction\",\"target\":[\"https:\/\/luxpro.pt\/en\/produto\/kit-de-audio-nexa-2-apartamentos-n4220z-t-510r\"]}]},{\"@type\":\"ImageObject\",\"inLanguage\":\"en-US\",\"@id\":\"https:\/\/luxpro.pt\/en\/produto\/kit-de-audio-nexa-2-apartamentos-n4220z-t-510r#primaryimage\",\"url\":\"https:\/\/luxpro.pt\/wp-content\/uploads\/2026\/03\/11854220_N4220_T-500.png\",\"contentUrl\":\"https:\/\/luxpro.pt\/wp-content\/uploads\/2026\/03\/11854220_N4220_T-500.png\",\"width\":1500,\"height\":1500},{\"@type\":\"BreadcrumbList\",\"@id\":\"https:\/\/luxpro.pt\/en\/produto\/kit-de-audio-nexa-2-apartamentos-n4220z-t-510r#breadcrumb\",\"itemListElement\":[{\"@type\":\"ListItem\",\"position\":1,\"name\":\"In\u00edcio\",\"item\":\"https:\/\/luxpro.pt\/en\"},{\"@type\":\"ListItem\",\"position\":2,\"name\":\"Shop\",\"item\":\"https:\/\/luxpro.pt\/en\/shop\"},{\"@type\":\"ListItem\",\"position\":3,\"name\":\"Kit de \u00e1udio Nexa 2 apartamentos N4220Z\/T-510R\"}]},{\"@type\":\"WebSite\",\"@id\":\"https:\/\/luxpro.pt\/en#website\",\"url\":\"https:\/\/luxpro.pt\/en\",\"name\":\"LuxPro\",\"description\":\"\",\"publisher\":{\"@id\":\"https:\/\/luxpro.pt\/en#\/schema\/person\/2d1bed59a52ad49be71622bef025e341\"},\"potentialAction\":[{\"@type\":\"SearchAction\",\"target\":{\"@type\":\"EntryPoint\",\"urlTemplate\":\"https:\/\/luxpro.pt\/en?s={search_term_string}\"},\"query-input\":{\"@type\":\"PropertyValueSpecification\",\"valueRequired\":true,\"valueName\":\"search_term_string\"}}],\"inLanguage\":\"en-US\"},{\"@type\":[\"Person\",\"Organization\"],\"@id\":\"https:\/\/luxpro.pt\/en#\/schema\/person\/2d1bed59a52ad49be71622bef025e341\",\"name\":\"Tiago Amadeu Ferreira\",\"image\":{\"@type\":\"ImageObject\",\"inLanguage\":\"en-US\",\"@id\":\"https:\/\/luxpro.pt\/en#\/schema\/person\/image\/\",\"url\":\"https:\/\/luxpro.pt\/wp-content\/uploads\/2017\/11\/logo.jpg\",\"contentUrl\":\"https:\/\/luxpro.pt\/wp-content\/uploads\/2017\/11\/logo.jpg\",\"width\":150,\"height\":33,\"caption\":\"Tiago Amadeu Ferreira\"},\"logo\":{\"@id\":\"https:\/\/luxpro.pt\/en#\/schema\/person\/image\/\"}}]}<\/script>\n<!-- \/ Yoast SEO plugin. -->","yoast_head_json":{"title":"Kit de \u00e1udio Nexa 2 apartamentos N4220Z\/T-510R - LuxPro","description":"Instala\u00e7\u00e3o anal\u00f3gica 4+n Composto por: Painel de \u00e1udio com 2 bot\u00f5es de press\u00e3o \u00a0caixa de incorpora\u00e7\u00e3o NCEV-90CS 2 telefones T510R\u00a0 com chamada eletr\u00f4nica","robots":{"index":"index","follow":"follow","max-snippet":"max-snippet:-1","max-image-preview":"max-image-preview:large","max-video-preview":"max-video-preview:-1"},"canonical":"https:\/\/luxpro.pt\/en\/produto\/kit-de-audio-nexa-2-apartamentos-n4220z-t-510r","og_locale":"en_US","og_type":"article","og_title":"Kit de \u00e1udio Nexa 2 apartamentos N4220Z\/T-510R - LuxPro","og_description":"Instala\u00e7\u00e3o anal\u00f3gica 4+n Composto por: Painel de \u00e1udio com 2 bot\u00f5es de press\u00e3o \u00a0caixa de incorpora\u00e7\u00e3o NCEV-90CS 2 telefones T510R\u00a0 com chamada eletr\u00f4nica","og_url":"https:\/\/luxpro.pt\/en\/produto\/kit-de-audio-nexa-2-apartamentos-n4220z-t-510r","og_site_name":"LuxPro","article_modified_time":"2026-03-09T19:18:01+00:00","og_image":[{"width":1500,"height":1500,"url":"https:\/\/luxpro.pt\/wp-content\/uploads\/2026\/03\/11854220_N4220_T-500.png","type":"image\/png"}],"twitter_card":"summary_large_image","twitter_misc":{"Est. reading time":"1 minute"},"schema":{"@context":"https:\/\/schema.org","@graph":[{"@type":"WebPage","@id":"https:\/\/luxpro.pt\/en\/produto\/kit-de-audio-nexa-2-apartamentos-n4220z-t-510r","url":"https:\/\/luxpro.pt\/en\/produto\/kit-de-audio-nexa-2-apartamentos-n4220z-t-510r","name":"Kit de \u00e1udio Nexa 2 apartamentos N4220Z\/T-510R - LuxPro","isPartOf":{"@id":"https:\/\/luxpro.pt\/en#website"},"primaryImageOfPage":{"@id":"https:\/\/luxpro.pt\/en\/produto\/kit-de-audio-nexa-2-apartamentos-n4220z-t-510r#primaryimage"},"image":{"@id":"https:\/\/luxpro.pt\/en\/produto\/kit-de-audio-nexa-2-apartamentos-n4220z-t-510r#primaryimage"},"thumbnailUrl":"https:\/\/luxpro.pt\/wp-content\/uploads\/2026\/03\/11854220_N4220_T-500.png","datePublished":"2026-03-09T19:17:59+00:00","dateModified":"2026-03-09T19:18:01+00:00","description":"Instala\u00e7\u00e3o anal\u00f3gica 4+n Composto por: Painel de \u00e1udio com 2 bot\u00f5es de press\u00e3o \u00a0caixa de incorpora\u00e7\u00e3o NCEV-90CS 2 telefones T510R\u00a0 com chamada eletr\u00f4nica","breadcrumb":{"@id":"https:\/\/luxpro.pt\/en\/produto\/kit-de-audio-nexa-2-apartamentos-n4220z-t-510r#breadcrumb"},"inLanguage":"en-US","potentialAction":[{"@type":"ReadAction","target":["https:\/\/luxpro.pt\/en\/produto\/kit-de-audio-nexa-2-apartamentos-n4220z-t-510r"]}]},{"@type":"ImageObject","inLanguage":"en-US","@id":"https:\/\/luxpro.pt\/en\/produto\/kit-de-audio-nexa-2-apartamentos-n4220z-t-510r#primaryimage","url":"https:\/\/luxpro.pt\/wp-content\/uploads\/2026\/03\/11854220_N4220_T-500.png","contentUrl":"https:\/\/luxpro.pt\/wp-content\/uploads\/2026\/03\/11854220_N4220_T-500.png","width":1500,"height":1500},{"@type":"BreadcrumbList","@id":"https:\/\/luxpro.pt\/en\/produto\/kit-de-audio-nexa-2-apartamentos-n4220z-t-510r#breadcrumb","itemListElement":[{"@type":"ListItem","position":1,"name":"In\u00edcio","item":"https:\/\/luxpro.pt\/en"},{"@type":"ListItem","position":2,"name":"Shop","item":"https:\/\/luxpro.pt\/en\/shop"},{"@type":"ListItem","position":3,"name":"Kit de \u00e1udio Nexa 2 apartamentos N4220Z\/T-510R"}]},{"@type":"WebSite","@id":"https:\/\/luxpro.pt\/en#website","url":"https:\/\/luxpro.pt\/en","name":"LuxPro","description":"","publisher":{"@id":"https:\/\/luxpro.pt\/en#\/schema\/person\/2d1bed59a52ad49be71622bef025e341"},"potentialAction":[{"@type":"SearchAction","target":{"@type":"EntryPoint","urlTemplate":"https:\/\/luxpro.pt\/en?s={search_term_string}"},"query-input":{"@type":"PropertyValueSpecification","valueRequired":true,"valueName":"search_term_string"}}],"inLanguage":"en-US"},{"@type":["Person","Organization"],"@id":"https:\/\/luxpro.pt\/en#\/schema\/person\/2d1bed59a52ad49be71622bef025e341","name":"Tiago Amadeu Ferreira","image":{"@type":"ImageObject","inLanguage":"en-US","@id":"https:\/\/luxpro.pt\/en#\/schema\/person\/image\/","url":"https:\/\/luxpro.pt\/wp-content\/uploads\/2017\/11\/logo.jpg","contentUrl":"https:\/\/luxpro.pt\/wp-content\/uploads\/2017\/11\/logo.jpg","width":150,"height":33,"caption":"Tiago Amadeu Ferreira"},"logo":{"@id":"https:\/\/luxpro.pt\/en#\/schema\/person\/image\/"}}]}},"tiered_pricing_type":"fixed","tiered_pricing_fixed_rules":[],"tiered_pricing_product_settings":{"layout":"default","base_unit_name":{"singular":null,"plural":null},"default_variation":null},"tiered_pricing_minimum_quantity":null,"tiered_pricing_roles_data":[],"tiered_pricing_percentage_rules":[],"_links":{"self":[{"href":"https:\/\/luxpro.pt\/en\/wp-json\/wp\/v2\/product\/15555","targetHints":{"allow":["GET"]}}],"collection":[{"href":"https:\/\/luxpro.pt\/en\/wp-json\/wp\/v2\/product"}],"about":[{"href":"https:\/\/luxpro.pt\/en\/wp-json\/wp\/v2\/types\/product"}],"replies":[{"embeddable":true,"href":"https:\/\/luxpro.pt\/en\/wp-json\/wp\/v2\/comments?post=15555"}],"wp:featuredmedia":[{"embeddable":true,"href":"https:\/\/luxpro.pt\/en\/wp-json\/wp\/v2\/media\/15556"}],"wp:attachment":[{"href":"https:\/\/luxpro.pt\/en\/wp-json\/wp\/v2\/media?parent=15555"}],"wp:term":[{"taxonomy":"product_brand","embeddable":true,"href":"https:\/\/luxpro.pt\/en\/wp-json\/wp\/v2\/product_brand?post=15555"},{"taxonomy":"product_cat","embeddable":true,"href":"https:\/\/luxpro.pt\/en\/wp-json\/wp\/v2\/product_cat?post=15555"},{"taxonomy":"product_tag","embeddable":true,"href":"https:\/\/luxpro.pt\/en\/wp-json\/wp\/v2\/product_tag?post=15555"}],"curies":[{"name":"wp","href":"https:\/\/api.w.org\/{rel}","templated":true}]}}